{"id":1233,"date":"2019-09-25T19:35:42","date_gmt":"2019-09-25T17:35:42","guid":{"rendered":"http:\/\/web03.enlite.de\/?page_id=1233"},"modified":"2025-08-21T16:23:43","modified_gmt":"2025-08-21T14:23:43","slug":"datenschutz","status":"publish","type":"page","link":"https:\/\/www.vandesandt-stollner.de\/en\/datenschutz\/","title":{"rendered":"Data privacy"},"content":{"rendered":"<div data-elementor-type=\"wp-page\" data-elementor-id=\"1233\" class=\"elementor elementor-1233\">\n\t\t\t\t\t\t<section class=\"elementor-section elementor-top-section elementor-element elementor-element-1f33031 elementor-section-stretched elementor-section-boxed elementor-section-height-default elementor-section-height-default\" data-id=\"1f33031\" data-element_type=\"section\" data-e-type=\"section\" data-settings=\"{&quot;stretch_section&quot;:&quot;section-stretched&quot;,&quot;background_background&quot;:&quot;classic&quot;}\">\n\t\t\t\t\t\t\t<div class=\"elementor-background-overlay\"><\/div>\n\t\t\t\t\t\t\t<div class=\"elementor-container elementor-column-gap-default\">\n\t\t\t\t\t<div class=\"elementor-column elementor-col-33 elementor-top-column elementor-element elementor-element-d823421\" data-id=\"d823421\" data-element_type=\"column\" data-e-type=\"column\">\n\t\t\t<div class=\"elementor-widget-wrap\">\n\t\t\t\t\t\t\t<\/div>\n\t\t<\/div>\n\t\t\t\t<div class=\"elementor-column elementor-col-33 elementor-top-column elementor-element elementor-element-69682d5\" data-id=\"69682d5\" data-element_type=\"column\" data-e-type=\"column\">\n\t\t\t<div class=\"elementor-widget-wrap elementor-element-populated\">\n\t\t\t\t\t\t<div class=\"elementor-element elementor-element-bf0d841 elementor-widget elementor-widget-menu-anchor\" data-id=\"bf0d841\" data-element_type=\"widget\" data-e-type=\"widget\" data-widget_type=\"menu-anchor.default\">\n\t\t\t\t<div class=\"elementor-widget-container\">\n\t\t\t\t\t\t\t<div class=\"elementor-menu-anchor\" id=\"home\"><\/div>\n\t\t\t\t\t\t<\/div>\n\t\t\t\t<\/div>\n\t\t\t\t<div class=\"elementor-element elementor-element-1307998 elementor-widget elementor-widget-heading\" data-id=\"1307998\" data-element_type=\"widget\" data-e-type=\"widget\" data-widget_type=\"heading.default\">\n\t\t\t\t<div class=\"elementor-widget-container\">\n\t\t\t\t\t<h1 class=\"elementor-heading-title elementor-size-default\">Data privacy<\/h1>\t\t\t\t<\/div>\n\t\t\t\t<\/div>\n\t\t\t\t<div class=\"elementor-element elementor-element-7a7b751 elementor-widget-divider--view-line elementor-widget elementor-widget-divider\" data-id=\"7a7b751\" data-element_type=\"widget\" data-e-type=\"widget\" data-widget_type=\"divider.default\">\n\t\t\t\t<div class=\"elementor-widget-container\">\n\t\t\t\t\t\t\t<div class=\"elementor-divider\">\n\t\t\t<span class=\"elementor-divider-separator\">\n\t\t\t\t\t\t<\/span>\n\t\t<\/div>\n\t\t\t\t\t\t<\/div>\n\t\t\t\t<\/div>\n\t\t\t\t\t<\/div>\n\t\t<\/div>\n\t\t\t\t<div class=\"elementor-column elementor-col-33 elementor-top-column elementor-element elementor-element-5fffe6b\" data-id=\"5fffe6b\" data-element_type=\"column\" data-e-type=\"column\">\n\t\t\t<div class=\"elementor-widget-wrap\">\n\t\t\t\t\t\t\t<\/div>\n\t\t<\/div>\n\t\t\t\t\t<\/div>\n\t\t<\/section>\n\t\t\t\t<section class=\"elementor-section elementor-top-section elementor-element elementor-element-11d6945 elementor-section-stretched elementor-section-boxed elementor-section-height-default elementor-section-height-default elementor-invisible\" data-id=\"11d6945\" data-element_type=\"section\" data-e-type=\"section\" data-settings=\"{&quot;stretch_section&quot;:&quot;section-stretched&quot;,&quot;background_background&quot;:&quot;classic&quot;,&quot;animation&quot;:&quot;fadeIn&quot;}\">\n\t\t\t\t\t\t<div class=\"elementor-container elementor-column-gap-default\">\n\t\t\t\t\t<div class=\"elementor-column elementor-col-100 elementor-top-column elementor-element elementor-element-f7a4fdc\" data-id=\"f7a4fdc\" data-element_type=\"column\" data-e-type=\"column\">\n\t\t\t<div class=\"elementor-widget-wrap elementor-element-populated\">\n\t\t\t\t\t\t<div class=\"elementor-element elementor-element-1e242a6 elementor-widget elementor-widget-spacer\" data-id=\"1e242a6\" data-element_type=\"widget\" data-e-type=\"widget\" data-widget_type=\"spacer.default\">\n\t\t\t\t<div class=\"elementor-widget-container\">\n\t\t\t\t\t\t\t<div class=\"elementor-spacer\">\n\t\t\t<div class=\"elementor-spacer-inner\"><\/div>\n\t\t<\/div>\n\t\t\t\t\t\t<\/div>\n\t\t\t\t<\/div>\n\t\t\t\t<div class=\"elementor-element elementor-element-1b734cf elementor-widget elementor-widget-spacer\" data-id=\"1b734cf\" data-element_type=\"widget\" data-e-type=\"widget\" data-widget_type=\"spacer.default\">\n\t\t\t\t<div class=\"elementor-widget-container\">\n\t\t\t\t\t\t\t<div class=\"elementor-spacer\">\n\t\t\t<div class=\"elementor-spacer-inner\"><\/div>\n\t\t<\/div>\n\t\t\t\t\t\t<\/div>\n\t\t\t\t<\/div>\n\t\t\t\t<div class=\"elementor-element elementor-element-d47d3f0 elementor-widget elementor-widget-text-editor\" data-id=\"d47d3f0\" data-element_type=\"widget\" data-e-type=\"widget\" data-widget_type=\"text-editor.default\">\n\t\t\t\t<div class=\"elementor-widget-container\">\n\t\t\t\t\t\t\t\t\t<header role=\"banner\"><\/header><div><div role=\"main\"><article><div data-index=\"0\"><p><strong>1.\u00a0\u00a0\u00a0 Name und Kontaktdaten des Verantwortlichen<\/strong><\/p><p>Diese Datenschutzerkl\u00e4rung informiert \u00fcber die Verarbeitung personenbezogener Daten im Rahmen der normalen Gesch\u00e4ftst\u00e4tigkeiten der Dr. van de Sandt und Stollner Beteiligungs GmbH und ihrer Website.<\/p><p>Verantwortlicher:<\/p><p>Dr. van de Sandt und Stollner Beteiligungs GmbH<br \/>Gesch\u00e4ftsf\u00fchrer: Dr. Robert van de Sandt, Mischka Stollner<br \/>Keithstra\u00dfe 10, 10787 Berlin<br \/>Telefon: 030 \/ 403677271<br \/>E-Mail-Adresse: info@vandesandt-stollner.de<\/p><p>Kontaktdaten des Datenschutzbeauftragten:<\/p><p>Der Datenschutzbeauftragte der Dr. van de Sandt und Stollner Beteiligungs GmbH ist<\/p><p>Lucca Domingues Roth<br \/>FKC CONSULT GmbH<br \/>Eschenburgstra\u00dfe 5<br \/>23568 L\u00fcbeck<br \/><br \/>E-Mail-Adresse: datenschutz@vandesandt-stollner.de<\/p><p><strong>I.\u00a0\u00a0\u00a0\u00a0 Allgemeines zur Datenverarbeitung<\/strong><\/p><p>1.\u00a0\u00a0\u00a0 Umfang der Erhebung und Verarbeitung von personenbezogenen Daten<\/p><p>Wir erheben, verarbeiten und nutzen Ihre personenbezogenen Daten nur, wenn Sie zuvor eingewilligt haben oder wenn dies gesetzlich erlaubt ist oder wir gesetzlich hierzu verpflichtet sind. Die Verarbeitung der Daten findet ausschlie\u00dflich im Gebiet der Bundesrepublik Deutschland, in einem Mitgliedstaat der Europ\u00e4ischen Union oder in einem Vertragsstaat des Abkommens \u00fcber den Europ\u00e4ischen Wirtschaftsraum statt. Falls es f\u00fcr den angegebenen Zweck ausreicht, anonymisierte oder pseudonymisierte Daten zu verwenden, werden wir uns allein auf die Erhebung und Nutzung solcher Daten beschr\u00e4nken.<\/p><p>2.\u00a0\u00a0\u00a0 Zweck der Datenverarbeitung<\/p><p>Wir erheben in unserem Unternehmen personenbezogene Daten nur zu dem Zweck, die von Ihnen gew\u00fcnschten Dienst- und Beratungsleistungen angemessen erbringen und unseren Verpflichtungen aus den zwischen uns geschlossenen Vertr\u00e4gen nachkommen zu k\u00f6nnen. Wir erbringen Ingenieur- und Beratungsdienstleistungen f\u00fcr diese wir von Ihnen auch Daten erhalten, die den Inhalt der Projekte betreffen, und dementsprechend zu den gleichen eben genannten Zwecken verarbeitet werden. Au\u00dferdem ben\u00f6tigen wir Ihre Daten zur Korrespondenz und Abrechnung mit Ihnen.<\/p><p>3. \u00a0\u00a0 Rechtsgrundlage f\u00fcr die Verarbeitung personenbezogener Daten<\/p><p>Rechtsgrundlage f\u00fcr die Datenverarbeitung sind regelm\u00e4\u00dfig ihre konkludente oder ausdr\u00fcckliche Einwilligung (Art. 6 Abs. 1 lit a DS-GVO). Bei der Verarbeitung von personenbezogenen Daten, die zur Erf\u00fcllung eines Vertrages, dessen Vertragspartei die betroffene Person ist, erforderlich ist, dient Art.\u00a06 Abs.\u00a01 lit.\u00a0b DS-GVO als Rechtsgrundlage. Dies gilt auch f\u00fcr Verarbeitungsvorg\u00e4nge, die zur Durchf\u00fchrung vorvertraglicher Ma\u00dfnahmen erforderlich sind. Soweit eine Verarbeitung personenbezogener Daten zur Erf\u00fcllung einer rechtlichen Verpflichtung erforderlich ist, der unser Unternehmen unterliegt, dient Art.\u00a06 Abs.\u00a01 lit.\u00a0c DS-GVO als Rechtsgrundlage. F\u00fcr den Fall, dass lebenswichtige Interessen der betroffenen Person oder einer anderen nat\u00fcrlichen Person eine Verarbeitung personenbezogener Daten erforderlich machen, dient Art.\u00a06 Abs.\u00a01 lit.\u00a0d DS-GVO als Rechtsgrundlage. Ist die Verarbeitung zur Wahrung eines berechtigten Interesses unseres Unternehmens oder eines Dritten erforderlich und \u00fcberwiegen die Interessen, Grundrechte und Grundfreiheiten des Betroffenen das erstgenannte Interesse nicht, so dient Art.\u00a06 Abs.\u00a01 lit.\u00a0f DS-GVO als Rechtsgrundlage f\u00fcr die Verarbeitung.<\/p><p>4.\u00a0\u00a0\u00a0 \u00dcbermittlung\/Weitergabe der Daten<\/p><p>Ihre personenbezogenen Daten werden an Dritte, inklusiver unserer Dienstleister (Auftragsdatenverarbeiter) nur weitergegeben und \u00fcbermittelt, wenn dies zum Zwecke der vertraglich geschuldeten Leistung sowie aus steuerlichen und rechtlichen Gr\u00fcnden (Finanzamt\u00a0\/ Steuerberater\u00a0\/ Rechtsanwalt etc.) sowie aufgrund gesetzlicher Bestimmungen und\u00a0\/oder beh\u00f6rdlichen oder gerichtlichen Anordnung zwingend erforderlich ist oder Sie zuvor eingewilligt haben. Die Einwilligung zur Daten\u00fcbermittlung geschieht in der Regel mit Vertragsschluss.<\/p><p>Zum Zwecke der Abwicklung unsere Beratungs- und Dienstleistungen kann es auch notwendig sein, f\u00fcr spezielle Projekte externe Partner einzuschalten. Diese Partner arbeiten mit uns i.d.R. schon seit Jahren zusammen. Diese Partner erhalten von uns die notwendigen Daten. Die weitergegebenen Daten d\u00fcrfen von unseren Dienstleistern lediglich zur Erf\u00fcllung dieser von uns vorgegebenen Aufgaben im Rahmen einer Vereinbarung \u00fcber die Auftragsdatenvereinbarung gem\u00e4\u00df \u00a7\u00a011 BDSG verwendet werden. Eine anderweitige Nutzung der Daten ist nicht gestattet. Die jeweiligen Kontaktdaten unsrer Partner werden wir Ihnen auf entsprechende Nachfragen benennen. Zudem sind bzw. werden DSGVO konforme Auftragsdatenverarbeitungsvertr\u00e4ge mit allen unseren Dienstleistern geschlossen. Im \u00dcbrigen wurden und werden die Dienstleister von uns sorgf\u00e4ltig ausgew\u00e4hlt und beauftragt. Sie sind an unsere Weisungen gebunden und werden regelm\u00e4\u00dfig kontrolliert.<\/p><p>Die Verarbeitung der Daten findet ausschlie\u00dflich im Gebiet der Bundesrepublik Deutschland, in einem Mitgliedstaat der Europ\u00e4ischen Union oder in einem Vertragsstaat des Abkommens \u00fcber den Europ\u00e4ischen Wirtschaftsraum statt.<\/p><p>Vorbehaltlich der vorstehenden Regelungen werden in keinem Fall ungefragt und ohne Ihre Einwilligung Ihre personenbezogenen Daten zu Werbe- oder Marketingzwecken oder zu sonstigen Zwecken Dritten zur Kenntnis gegeben oder an Dritte weitergegeben. Dies gilt nur dann nicht, wenn wir gesetzlich oder aufgrund beh\u00f6rdlicher Anordnung, insbesondere in F\u00e4llen der Strafverfolgung oder zum Zwecke der Gefahrenabwehr, zur Herausgabe der Daten verpflichtet sind.<\/p><p><strong>II.\u00a0\u00a0\u00a0 Datenverarbeitung bei Besuch unserer Website<\/strong><\/p><p>1.\u00a0\u00a0\u00a0 Umfang, Zweck und Rechtsgrundlage der Verarbeitung personenbezogener Daten bei Aufruf der Webseite<\/p><p>Beim Aufruf dieser Website und der damit verbundenen Folgeseiten werden durch den Internet-Browser, den der Besucher verwendet, automatisch Daten an den Server dieser Webseite gesendet und zeitlich begrenzt in einer Protokolldatei (Logfile) gespeichert. Bis zur automatischen L\u00f6schung werden nachstehende Daten ohne weitere Eingabe des Besuchers gespeichert:<\/p><ul><li>IP-Adresse des Endger\u00e4ts des Besuchers,<\/li><li>Datum und Uhrzeit des Zugriffs durch den Besucher,<\/li><li>Name und URL der vom Besucher aufgerufenen Seite,<\/li><li>Webseite, von der aus der Besucher auf die vandesandt-stollner-Website gelangt (sog. Referrer-URL),<\/li><li>Browser und Betriebssystem des Endger\u00e4ts des Besuchers sowie der Name des vom Besucher verwendeten Access-Providers.<\/li><\/ul><p>Die Verarbeitung dieser personenbezogenen Daten ist gem. Art. 6 Abs. 1 Satz 1 Buchst. f) DSGVO gerechtfertigt. Van de Sandt &amp; Stollner hat ein berechtigtes Interesse an der Datenverarbeitung zu dem Zweck,<\/p><ul><li>die Verbindung zur vandesandt-stollner-Website z\u00fcgig aufzubauen,<\/li><li>eine nutzerfreundliche Anwendung der Website zu erm\u00f6glichen,<\/li><li>die Sicherheit und Stabilit\u00e4t der Systeme zu erkennen und zu gew\u00e4hrleisten und<\/li><li>die Administration der Webseite zu erleichtern und zu verbessern.<\/li><\/ul><p>Die Verarbeitung erfolgt ausdr\u00fccklich nicht zu dem Zweck, Erkenntnisse \u00fcber die Person des Besuchers der Webseite zu gewinnen.<\/p><p>2.\u00a0\u00a0\u00a0 Cookies<\/p><p>Unsere Internetseite verwendet teilweise sogenannte Cookies. Cookies sind kleine Textdateien, die auf Ihrem Rechner abgelegt und durch den Browser gespeichert werden. Cookies richten auf Ihrem Rechner keinen Schaden an und enthalten keine Viren. Cookies dienen dazu, das Angebot sicherer, effektiver und nutzungsfreundlicher zu machen.<\/p><p>Die meisten verwendeten Cookies sind sogenannte \u201eSession-Cookies\u201c. Diese werden nach Ende Ihres Besuchs automatisch gel\u00f6scht. Andere Cookies bleiben so lange auf Ihrem Endger\u00e4t gespeichert, bis diese von Ihnen selbst gel\u00f6scht werden. Diese Cookies erm\u00f6glichen es uns, Ihren Browser beim n\u00e4chsten Besuch wiederzuerkennen.<\/p><p>Sie k\u00f6nnen den Browser so einstellen, dass Sie \u00fcber die Verwendung von Cookies informiert werden und diese nur im Einzelfall erlauben, die Annahme von Cookies nur f\u00fcr bestimmte F\u00e4lle oder generell ausschlie\u00dfen sowie das automatische L\u00f6schen der Cookies beim Schlie\u00dfen des Browsers aktivieren. Bei der Deaktivierung von Cookies kann eine vollst\u00e4ndige Funktionalit\u00e4t unserer Website nicht garantiert werden.<\/p><p>3. \u00a0\u00a0 Analyse-Dienste f\u00fcr Webseiten<br \/>Wir verwenden auf und f\u00fcr unsere Website keine Analysedienste.<\/p><p><strong>III.\u00a0\u00a0 Datensicherheit<\/strong><\/p><p>Die Dr. van de Sandt und Stollner Beteiligungs GmbH folgt mit ihrem Informationssicherheits-Managementsystem den Richtlinien der ISO\/IEC 27001:2013. Die Umsetzung der Anforderungen zur Aufrechterhaltung der Vertraulichkeit, Integrit\u00e4t und Authentizit\u00e4t von Informationen und Daten ist dabei ein essentieller Bestandteil. Ziel ist der Schutz aller Informationen, die durch die Unternehmenst\u00e4tigkeit empfangen, erzeugt, verarbeitet, gespeichert und vernichtet werden sowie die Einhaltung von Regelungen, Normen, kundenspezifischen Vorgaben sowie vertraglichen Verpflichtungen.<\/p><p><strong>IV.\u00a0 Dauer der Speicherung<\/strong><\/p><p>Die personenbezogenen Daten der betroffenen Person werden von uns gel\u00f6scht oder gesperrt, sobald der Zweck der Speicherung entf\u00e4llt. Eine Speicherung kann dar\u00fcber hinaus erfolgen, wenn dies durch den europ\u00e4ischen oder nationalen Gesetzgeber in unionsrechtlichen Verordnungen, Gesetzen oder sonstigen Vorschriften, denen der Verantwortliche unterliegt, vorgesehen wurde. Eine Sperrung oder L\u00f6schung der Daten erfolgt auch dann, wenn eine durch die genannten Normen vorgeschriebene Speicherfrist abl\u00e4uft, es sei denn, dass eine Erforderlichkeit zur weiteren Speicherung der Daten f\u00fcr einen Vertragsabschluss oder eine Vertragserf\u00fcllung besteht.<\/p><p><strong>V.\u00a0\u00a0 Ihre Rechte als betroffene Person<\/strong><\/p><p>Soweit Ihre personenbezogenen Daten anl\u00e4sslich des Besuchs unserer Webseite verarbeitet werden, stehen Ihnen als \u201ebetroffene Person\u201c im Sinne der DSGVO folgende Rechte zu:<\/p><p>1.\u00a0\u00a0\u00a0 Auskunft<\/p><p>Sie k\u00f6nnen von uns Auskunft dar\u00fcber verlangen, ob personenbezogene Daten von Ihnen bei uns verarbeitet werden. Kein Auskunftsrecht besteht, wenn die Informationen aus sonstigen Gr\u00fcnden, insbesondere wegen eines \u00fcberwiegenden berechtigten Interesses eines Dritten, geheim gehalten werden m\u00fcssen. Hiervon abweichend kann eine Pflicht zur Erteilung der Auskunft bestehen, wenn insbesondere unter Ber\u00fccksichtigung drohender Sch\u00e4den Ihre Interessen gegen\u00fcber dem Geheimhaltungsinteresse \u00fcberwiegen. Das Auskunftsrecht ist ferner ausgeschlossen, wenn die Daten nur deshalb gespeichert sind, weil sie aufgrund gesetzlicher oder satzungsm\u00e4\u00dfiger Aufbewahrungsfristen nicht gel\u00f6scht werden d\u00fcrfen oder ausschlie\u00dflich Zwecken der Datensicherung oder der Datenschutzkontrolle dienen, sofern die Auskunftserteilung einen unverh\u00e4ltnism\u00e4\u00dfig hohen Aufwand erfordern w\u00fcrde und die Verarbeitung zu anderen Zwecken durch geeignete technische und organisatorische Ma\u00dfnahmen ausgeschlossen ist. Sofern in Ihrem Fall das Auskunftsrecht nicht ausgeschlossen ist und Ihre personenbezogenen Daten von uns verarbeitet werden, k\u00f6nnen Sie von uns Auskunft \u00fcber folgende Informationen verlangen:<\/p><ul><li>Zwecke der Verarbeitung,<\/li><li>Kategorien der von Ihnen verarbeiteten personenbezogenen Daten,<\/li><li>Empf\u00e4nger oder Kategorien von Empf\u00e4ngern, gegen\u00fcber denen Ihre personenbezogenen Daten offengelegt werden, insbesondere bei Empf\u00e4ngern in Drittl\u00e4ndern,<\/li><li>falls m\u00f6glich die geplante Dauer, f\u00fcr die Ihre personenbezogenen Daten gespeichert werden oder, falls dies nicht m\u00f6glich ist, die Kriterien f\u00fcr die Festlegung der Speicherdauer,<\/li><li>das Bestehen eines Rechts auf Berichtigung oder L\u00f6schung oder Einschr\u00e4nkung der Verarbeitung der Sie betreffenden personenbezogenen Daten oder eines Widerspruchsrechts gegen diese Verarbeitung,<\/li><li>das Bestehen eines Beschwerderechts bei einer Aufsichtsbeh\u00f6rde f\u00fcr den Datenschutz,<\/li><li>sofern die personenbezogenen Daten nicht bei Ihnen als betroffene Person erhoben worden sind, die verf\u00fcgbaren Informationen \u00fcber die Datenherkunft,<\/li><li>ggf. das Bestehen einer automatisierten Entscheidungsfindung einschlie\u00dflich Profiling und aussagekr\u00e4ftige Informationen \u00fcber die involvierte Logik sowie die Tragweite und angestrebten Auswirkungen automatisierter Entscheidungsfindungen,<\/li><li>ggf. im Fall der \u00dcbermittlung an Empf\u00e4nger in Drittl\u00e4ndern, sofern kein Beschluss der EU-Kommission \u00fcber die Angemessenheit des Schutzniveaus nach Art. 45 Abs. 3 DSGVO vorliegt, Informationen dar\u00fcber, welche geeigneten Garantien gem. Art. 46 Abs.\u00a02 DSGVO zum Schutze der personenbezogenen Daten vorgesehen sind.<\/li><\/ul><p>2.\u00a0\u00a0\u00a0 Berichtigung und Vervollst\u00e4ndigung<\/p><p>Sofern Sie feststellen, dass uns unrichtige personenbezogene Daten von Ihnen vorliegen, k\u00f6nnen Sie von uns die unverz\u00fcgliche Berichtigung dieser unrichtigen Daten verlangen. Bei unvollst\u00e4ndigen Sie betreffenden personenbezogenen Daten k\u00f6nnen sie die Vervollst\u00e4ndigung verlangen.<\/p><p>3.\u00a0\u00a0\u00a0 L\u00f6schung<\/p><p>Sie haben ein Recht auf L\u00f6schung (\u201eRecht auf Vergessenwerden\u201c), sofern die Verarbeitung nicht zur Aus\u00fcbung des Rechts auf freie Meinungs\u00e4u\u00dferung, des Rechts auf Information oder zur Erf\u00fcllung einer rechtlichen Verpflichtung oder zur Wahrnehmung einer Aufgabe, die im \u00f6ffentlichen Interesse liegt, erforderlich ist und einer der nachstehenden Gr\u00fcnde zutrifft:<\/p><ul><li>Die personenbezogenen Daten sind f\u00fcr die Zwecke, f\u00fcr die sie verarbeitet wurden, nicht mehr notwendig.<\/li><li>Die Rechtfertigungsgrundlage f\u00fcr die Verarbeitung war ausschlie\u00dflich Ihre Einwilligung, welche Sie widerrufen haben.<\/li><li>Sie haben Widerspruch gegen die Verarbeitung Ihrer personenbezogenen Daten eingelegt, die wir \u00f6ffentlich gemacht haben.<\/li><li>Sie haben Widerspruch gegen die Verarbeitung von uns nicht \u00f6ffentlich gemachter personenbezogener Daten eingelegt und es liegen keine vorrangigen berechtigten Gr\u00fcnde f\u00fcr die Verarbeitung vor.<\/li><li>Ihre personenbezogenen Daten wurden unrechtm\u00e4\u00dfig verarbeitet.<\/li><li>Die L\u00f6schung der personenbezogenen Daten ist zur Erf\u00fcllung einer gesetzlichen Verpflichtung, der wir unterliegen, erforderlich.<\/li><\/ul><p>Kein Anspruch auf L\u00f6schung besteht, wenn die L\u00f6schung im Falle rechtm\u00e4\u00dfiger nicht automatisierter Datenverarbeitung wegen der besonderen Art der Speicherung nicht oder nur mit unverh\u00e4ltnism\u00e4\u00dfig hohem Aufwand m\u00f6glich und Ihr Interesse an der L\u00f6schung gering ist. In diesem Fall tritt an die Stelle einer L\u00f6schung die Einschr\u00e4nkung der Verarbeitung.<\/p><p>4.\u00a0\u00a0\u00a0 Einschr\u00e4nkung der Verarbeitung<\/p><p>Sie k\u00f6nnen von uns die Einschr\u00e4nkung der Verarbeitung verlangen, wenn einer der nachstehenden Gr\u00fcnde zutrifft:<\/p><ul><li>Sie bestreiten die Richtigkeit der personenbezogenen Daten. Die Einschr\u00e4nkung kann in diesem Fall f\u00fcr die Dauer verlangt werden, die es uns erm\u00f6glicht, die Richtigkeit der Daten zu \u00fcberpr\u00fcfen.<\/li><li>Die Verarbeitung ist unrechtm\u00e4\u00dfig und Sie verlangen statt L\u00f6schung die Einschr\u00e4nkung der Nutzung Ihrer personenbezogenen Daten.<\/li><li>Ihre personenbezogenen Daten werden von uns nicht l\u00e4nger f\u00fcr die Zwecke der Verarbeitung ben\u00f6tigt, die Sie jedoch zur Geltendmachung, Aus\u00fcbung oder Verteidigung von Rechtsanspr\u00fcchen ben\u00f6tigen.<\/li><li>Sie haben Widerspruch gem. Art. 21 Abs. 1 DSGVO eingelegt. Die Einschr\u00e4nkung der Verarbeitung kann solange verlangt werden, wie noch nicht feststeht, ob unsere berechtigten Gr\u00fcnde gegen\u00fcber Ihren Gr\u00fcnden \u00fcberwiegen.<\/li><\/ul><p>Einschr\u00e4nkung der Verarbeitung bedeutet, dass die personenbezogenen Daten nur mit Ihrer Einwilligung oder zur Geltendmachung, Aus\u00fcbung oder Verteidigung von Rechtsan\u00adspr\u00fcchen oder zum Schutz der Rechte einer anderen nat\u00fcrlichen oder juristischen Person oder aus Gr\u00fcnden eines wichtigen \u00f6ffentlichen Interesses verarbeitet werden. Bevor wir die Einschr\u00e4nkung aufheben, haben wir die Pflicht, Sie dar\u00fcber zu unterrichten.<\/p><p>5.\u00a0\u00a0\u00a0 Daten\u00fcbertragbarkeit<\/p><p>Sie haben ein Recht auf Daten\u00fcbertragbarkeit, sofern die Verarbeitung auf Ihrer Einwilligung (Art. 6 Abs. 1 Satz 1 Buchst. a) oder Art. 9 Abs. 2 Buchst. a) DSGVO) oder auf einem Vertrag beruht, dessen Vertragspartei Sie sind und die Verarbeitung mithilfe automatisierter Verfahren erfolgt. Das Recht auf Daten\u00fcbertragbarkeit beinhaltet in diesem Fall folgende Rechte, sofern hierdurch nicht die Rechte und Freiheiten anderer Personen beeintr\u00e4chtigt werden: Sie k\u00f6nnen von uns verlangen, die personenbezogenen Daten, die Sie uns bereitgestellt haben, in einem strukturierten, g\u00e4ngigen und maschinenlesbaren Format zu erhalten. Sie haben das Recht, diese Daten einem anderen Verantwortlichen ohne Behinderung unserseits zu \u00fcbermitteln. Soweit technisch machbar, k\u00f6nnen Sie von uns verlangen, dass wir Ihre personenbezogenen Daten direkt an einen anderen Verantwortlichen \u00fcbermitteln.<\/p><p>6.\u00a0\u00a0\u00a0 Widerspruch<\/p><p>Sofern die Verarbeitung auf Art. 6 Abs. 1 Satz 1 Buchst. e) DSGVO (Wahrnehmung einer Aufgabe im \u00f6ffentlichen Interesse oder in Aus\u00fcbung \u00f6ffentlicher Gewalt) oder auf Art. 6 Abs.\u00a01 Satz 1 Buchst. f) DSGVO (berechtigtes Interesse des Verantwortlichen oder eines Dritten) beruht, haben Sie das Recht, aus Gr\u00fcnden, die sich aus Ihrer besonderen Situation ergeben, jederzeit gegen die Verarbeitung der Sie betreffenden personenbezogenen Daten Widerspruch einzulegen. Das gilt auch f\u00fcr ein auf Art.\u00a06 Abs.\u00a01 Satz\u00a01 Buchst.\u00a0e) oder Buchst.\u00a0f) DSGVO gest\u00fctztes Profiling. Nach Aus\u00fcbung des Widerspruchsrechts verarbeiten wir Ihre personenbezogenen Daten nicht mehr, es sei denn, wir k\u00f6nnen zwingende schutzw\u00fcrdige Gr\u00fcnde f\u00fcr die Verarbeitung nachweisen, die Ihren Interessen, Rechte und Freiheiten \u00fcberwiegen, oder die Verarbeitung dient der Geltendmachung, Aus\u00fcbung oder Verteidigung von Rechtsanspr\u00fcchen.<\/p><p>Sie k\u00f6nnen jederzeit Widerspruch gegen die Verarbeitung der Sie betreffenden personenbezogenen Daten zu Zwecken der Direktwerbung einlegen. Das gilt auch f\u00fcr ein Profiling, das mit einer solchen Direktwerbung in Verbindung steht. Nach Aus\u00fcbung dieses Widerspruchsrechts werden wir die betreffenden personenbezogenen Daten nicht mehr f\u00fcr Zwecke der Direktwerbung verwenden.<\/p><p>Sie haben die M\u00f6glichkeit, den Widerspruch telefonisch, per E-Mail an:<br \/>datenschutz@vandesandt-stollner.de \u00a0oder an unsere zu Beginn dieser Datenschutzerkl\u00e4rung aufgef\u00fchrte Postadresse formlos mitzuteilen.<\/p><p>7.\u00a0\u00a0\u00a0 Widerruf einer Einwilligung<\/p><p>Sie haben das Recht, eine erteilte Einwilligung jederzeit mit Wirkung f\u00fcr die Zukunft zu widerrufen. Der Widerruf der Einwilligung kann telefonisch, per E-Mail oder an unsere Postadresse formlos mitgeteilt werden. Durch den Widerruf wird die Rechtm\u00e4\u00dfigkeit der Datenverarbeitung, die aufgrund der Einwilligung bis zum Eingang des Widerrufs erfolgt ist, nicht ber\u00fchrt. Nach Eingang des Widerrufs wird die Datenverarbeitung, die ausschlie\u00dflich auf Ihrer Einwilligung beruhte, eingestellt.<\/p><p>8.\u00a0\u00a0\u00a0 Beschwerde<\/p><p>Wenn Sie der Ansicht sind, dass die Verarbeitung der Sie betreffenden personenbezogenen Daten rechtswidrig ist, k\u00f6nnen Sie Beschwerde bei einer Aufsichtsbeh\u00f6rde f\u00fcr den Datenschutz einlegen, die f\u00fcr den Ort Ihres Aufenthaltes oder Arbeitsplatzes oder f\u00fcr den Ort des mutma\u00dflichen Versto\u00dfes zust\u00e4ndig ist.<\/p><p>9.\u00a0\u00a0\u00a0 Stand und Aktualisierung dieser Datenschutzerkl\u00e4rung<\/p><p>Diese Datenschutzerkl\u00e4rung hat den Stand vom 25. Mai 2018. Wir behalten uns vor, die Datenschutzerkl\u00e4rung zu gegebener Zeit zu aktualisieren, um den Datenschutz zu verbessern und\/oder an ge\u00e4nderte Beh\u00f6rdenpraxis oder Rechtsprechung anzupassen.<\/p><\/div><\/article><\/div><\/div>\t\t\t\t\t\t\t\t<\/div>\n\t\t\t\t<\/div>\n\t\t\t\t<div class=\"elementor-element elementor-element-aac36ef elementor-widget elementor-widget-spacer\" data-id=\"aac36ef\" data-element_type=\"widget\" data-e-type=\"widget\" data-widget_type=\"spacer.default\">\n\t\t\t\t<div class=\"elementor-widget-container\">\n\t\t\t\t\t\t\t<div class=\"elementor-spacer\">\n\t\t\t<div class=\"elementor-spacer-inner\"><\/div>\n\t\t<\/div>\n\t\t\t\t\t\t<\/div>\n\t\t\t\t<\/div>\n\t\t\t\t\t<\/div>\n\t\t<\/div>\n\t\t\t\t\t<\/div>\n\t\t<\/section>\n\t\t\t\t<section class=\"elementor-section elementor-top-section elementor-element elementor-element-a1d26e3 elementor-section-stretched elementor-section-content-middle elementor-section-boxed elementor-section-height-default elementor-section-height-default elementor-invisible\" data-id=\"a1d26e3\" data-element_type=\"section\" data-e-type=\"section\" data-settings=\"{&quot;stretch_section&quot;:&quot;section-stretched&quot;,&quot;background_background&quot;:&quot;classic&quot;,&quot;animation&quot;:&quot;fadeIn&quot;}\">\n\t\t\t\t\t\t\t<div class=\"elementor-background-overlay\"><\/div>\n\t\t\t\t\t\t\t<div class=\"elementor-container elementor-column-gap-default\">\n\t\t\t\t\t<div class=\"elementor-column elementor-col-50 elementor-top-column elementor-element elementor-element-6a0de66\" data-id=\"6a0de66\" data-element_type=\"column\" data-e-type=\"column\">\n\t\t\t<div class=\"elementor-widget-wrap elementor-element-populated\">\n\t\t\t\t\t\t<div class=\"elementor-element elementor-element-80bfb7b elementor-widget elementor-widget-heading\" data-id=\"80bfb7b\" data-element_type=\"widget\" data-e-type=\"widget\" data-widget_type=\"heading.default\">\n\t\t\t\t<div class=\"elementor-widget-container\">\n\t\t\t\t\t<h3 class=\"elementor-heading-title elementor-size-default\">Haben Sie Fragen?<\/h3>\t\t\t\t<\/div>\n\t\t\t\t<\/div>\n\t\t\t\t\t<\/div>\n\t\t<\/div>\n\t\t\t\t<div class=\"elementor-column elementor-col-50 elementor-top-column elementor-element elementor-element-0f5de93\" data-id=\"0f5de93\" data-element_type=\"column\" data-e-type=\"column\">\n\t\t\t<div class=\"elementor-widget-wrap elementor-element-populated\">\n\t\t\t\t\t\t<div class=\"elementor-element elementor-element-cb60542 elementor-button-info elementor-align-right elementor-tablet-align-right elementor-mobile-align-center elementor-widget elementor-widget-button\" data-id=\"cb60542\" data-element_type=\"widget\" data-e-type=\"widget\" data-widget_type=\"button.default\">\n\t\t\t\t<div class=\"elementor-widget-container\">\n\t\t\t\t\t\t\t\t\t<div class=\"elementor-button-wrapper\">\n\t\t\t\t\t<a class=\"elementor-button elementor-button-link elementor-size-sm\" href=\"tel:03013893680\">\n\t\t\t\t\t\t<span class=\"elementor-button-content-wrapper\">\n\t\t\t\t\t\t\t\t\t<span class=\"elementor-button-text\">030-403677271<\/span>\n\t\t\t\t\t<\/span>\n\t\t\t\t\t<\/a>\n\t\t\t\t<\/div>\n\t\t\t\t\t\t\t\t<\/div>\n\t\t\t\t<\/div>\n\t\t\t\t<div class=\"elementor-element elementor-element-cbb526b elementor-button-info elementor-align-right elementor-tablet-align-right elementor-mobile-align-center elementor-widget elementor-widget-button\" data-id=\"cbb526b\" data-element_type=\"widget\" data-e-type=\"widget\" data-widget_type=\"button.default\">\n\t\t\t\t<div class=\"elementor-widget-container\">\n\t\t\t\t\t\t\t\t\t<div class=\"elementor-button-wrapper\">\n\t\t\t\t\t<a class=\"elementor-button elementor-button-link elementor-size-sm\" href=\"mailto:info@vandesandt-stollner.de\">\n\t\t\t\t\t\t<span class=\"elementor-button-content-wrapper\">\n\t\t\t\t\t\t\t\t\t<span class=\"elementor-button-text\">Schreiben Sie uns!<\/span>\n\t\t\t\t\t<\/span>\n\t\t\t\t\t<\/a>\n\t\t\t\t<\/div>\n\t\t\t\t\t\t\t\t<\/div>\n\t\t\t\t<\/div>\n\t\t\t\t\t<\/div>\n\t\t<\/div>\n\t\t\t\t\t<\/div>\n\t\t<\/section>\n\t\t\t\t<section class=\"elementor-section elementor-top-section elementor-element elementor-element-ab7e1a6 elementor-section-boxed elementor-section-height-default elementor-section-height-default\" data-id=\"ab7e1a6\" data-element_type=\"section\" data-e-type=\"section\">\n\t\t\t\t\t\t<div class=\"elementor-container elementor-column-gap-default\">\n\t\t\t\t\t<div class=\"elementor-column elementor-col-100 elementor-top-column elementor-element elementor-element-5696991\" data-id=\"5696991\" data-element_type=\"column\" data-e-type=\"column\">\n\t\t\t<div class=\"elementor-widget-wrap elementor-element-populated\">\n\t\t\t\t\t\t<div class=\"elementor-element elementor-element-05e6021 elementor-widget elementor-widget-spacer\" data-id=\"05e6021\" data-element_type=\"widget\" data-e-type=\"widget\" data-widget_type=\"spacer.default\">\n\t\t\t\t<div class=\"elementor-widget-container\">\n\t\t\t\t\t\t\t<div class=\"elementor-spacer\">\n\t\t\t<div class=\"elementor-spacer-inner\"><\/div>\n\t\t<\/div>\n\t\t\t\t\t\t<\/div>\n\t\t\t\t<\/div>\n\t\t\t\t<div class=\"elementor-element elementor-element-21348ee elementor-view-default elementor-widget elementor-widget-icon\" data-id=\"21348ee\" data-element_type=\"widget\" data-e-type=\"widget\" data-widget_type=\"icon.default\">\n\t\t\t\t<div class=\"elementor-widget-container\">\n\t\t\t\t\t\t\t<div class=\"elementor-icon-wrapper\">\n\t\t\t<a class=\"elementor-icon elementor-animation-bob\" href=\"#home\">\n\t\t\t<i aria-hidden=\"true\" class=\"fas fa-chevron-up\"><\/i>\t\t\t<\/a>\n\t\t<\/div>\n\t\t\t\t\t\t<\/div>\n\t\t\t\t<\/div>\n\t\t\t\t<div class=\"elementor-element elementor-element-60d2c34 elementor-widget elementor-widget-spacer\" data-id=\"60d2c34\" data-element_type=\"widget\" data-e-type=\"widget\" data-widget_type=\"spacer.default\">\n\t\t\t\t<div class=\"elementor-widget-container\">\n\t\t\t\t\t\t\t<div class=\"elementor-spacer\">\n\t\t\t<div class=\"elementor-spacer-inner\"><\/div>\n\t\t<\/div>\n\t\t\t\t\t\t<\/div>\n\t\t\t\t<\/div>\n\t\t\t\t\t<\/div>\n\t\t<\/div>\n\t\t\t\t\t<\/div>\n\t\t<\/section>\n\t\t\t\t<\/div>","protected":false},"excerpt":{"rendered":"<p>Datenschutz 1.\u00a0\u00a0\u00a0 Name und Kontaktdaten des Verantwortlichen Diese Datenschutzerkl\u00e4rung informiert \u00fcber die Verarbeitung personenbezogener Daten im Rahmen der normalen Gesch\u00e4ftst\u00e4tigkeiten der Dr. van de Sandt und Stollner Beteiligungs GmbH und ihrer Website. Verantwortlicher: Dr. van de Sandt und Stollner Beteiligungs GmbHGesch\u00e4ftsf\u00fchrer: Dr. Robert van de Sandt, Mischka StollnerKeithstra\u00dfe 10, 10787 BerlinTelefon: 030 \/ 403677271E-Mail-Adresse: info@vandesandt-stollner.de [&hellip;]<\/p>\n","protected":false},"author":1,"featured_media":0,"parent":0,"menu_order":0,"comment_status":"closed","ping_status":"closed","template":"","meta":{"_uag_custom_page_level_css":"","site-sidebar-layout":"no-sidebar","site-content-layout":"page-builder","ast-site-content-layout":"","site-content-style":"default","site-sidebar-style":"default","ast-global-header-display":"","ast-banner-title-visibility":"","ast-main-header-display":"","ast-hfb-above-header-display":"","ast-hfb-below-header-display":"","ast-hfb-mobile-header-display":"","site-post-title":"disabled","ast-breadcrumbs-content":"","ast-featured-img":"disabled","footer-sml-layout":"","theme-transparent-header-meta":"default","adv-header-id-meta":"","stick-header-meta":"","header-above-stick-meta":"","header-main-stick-meta":"","header-below-stick-meta":"","astra-migrate-meta-layouts":"default","ast-page-background-enabled":"default","ast-page-background-meta":{"desktop":{"background-color":"","background-image":"","background-repeat":"repeat","background-position":"center center","background-size":"auto","background-attachment":"scroll","background-type":"","background-media":"","overlay-type":"","overlay-color":"","overlay-gradient":""},"tablet":{"background-color":"","background-image":"","background-repeat":"repeat","background-position":"center center","background-size":"auto","background-attachment":"scroll","background-type":"","background-media":"","overlay-type":"","overlay-color":"","overlay-gradient":""},"mobile":{"background-color":"","background-image":"","background-repeat":"repeat","background-position":"center center","background-size":"auto","background-attachment":"scroll","background-type":"","background-media":"","overlay-type":"","overlay-color":"","overlay-gradient":""}},"ast-content-background-meta":{"desktop":{"background-color":"var(--ast-global-color-5)","background-image":"","background-repeat":"repeat","background-position":"center center","background-size":"auto","background-attachment":"scroll","background-type":"","background-media":"","overlay-type":"","overlay-color":"","overlay-gradient":""},"tablet":{"background-color":"var(--ast-global-color-5)","background-image":"","background-repeat":"repeat","background-position":"center center","background-size":"auto","background-attachment":"scroll","background-type":"","background-media":"","overlay-type":"","overlay-color":"","overlay-gradient":""},"mobile":{"background-color":"var(--ast-global-color-5)","background-image":"","background-repeat":"repeat","background-position":"center center","background-size":"auto","background-attachment":"scroll","background-type":"","background-media":"","overlay-type":"","overlay-color":"","overlay-gradient":""}},"footnotes":""},"class_list":["post-1233","page","type-page","status-publish","hentry"],"uagb_featured_image_src":{"full":false,"thumbnail":false,"medium":false,"medium_large":false,"large":false,"1536x1536":false,"2048x2048":false,"trp-custom-language-flag":false},"uagb_author_info":{"display_name":"enliteadmin","author_link":"https:\/\/www.vandesandt-stollner.de\/en\/author\/enliteadmin\/"},"uagb_comment_info":0,"uagb_excerpt":"Datenschutz 1.\u00a0\u00a0\u00a0 Name und Kontaktdaten des Verantwortlichen Diese Datenschutzerkl\u00e4rung informiert \u00fcber die Verarbeitung personenbezogener Daten im Rahmen der normalen Gesch\u00e4ftst\u00e4tigkeiten der Dr. van de Sandt und Stollner Beteiligungs GmbH und ihrer Website. Verantwortlicher: Dr. van de Sandt und Stollner Beteiligungs GmbHGesch\u00e4ftsf\u00fchrer: Dr. Robert van de Sandt, Mischka StollnerKeithstra\u00dfe 10, 10787 BerlinTelefon: 030 \/ 403677271E-Mail-Adresse: info@vandesandt-stollner.de&hellip;","_links":{"self":[{"href":"https:\/\/www.vandesandt-stollner.de\/en\/wp-json\/wp\/v2\/pages\/1233","targetHints":{"allow":["GET"]}}],"collection":[{"href":"https:\/\/www.vandesandt-stollner.de\/en\/wp-json\/wp\/v2\/pages"}],"about":[{"href":"https:\/\/www.vandesandt-stollner.de\/en\/wp-json\/wp\/v2\/types\/page"}],"author":[{"embeddable":true,"href":"https:\/\/www.vandesandt-stollner.de\/en\/wp-json\/wp\/v2\/users\/1"}],"replies":[{"embeddable":true,"href":"https:\/\/www.vandesandt-stollner.de\/en\/wp-json\/wp\/v2\/comments?post=1233"}],"version-history":[{"count":3,"href":"https:\/\/www.vandesandt-stollner.de\/en\/wp-json\/wp\/v2\/pages\/1233\/revisions"}],"predecessor-version":[{"id":3878,"href":"https:\/\/www.vandesandt-stollner.de\/en\/wp-json\/wp\/v2\/pages\/1233\/revisions\/3878"}],"wp:attachment":[{"href":"https:\/\/www.vandesandt-stollner.de\/en\/wp-json\/wp\/v2\/media?parent=1233"}],"curies":[{"name":"wp","href":"https:\/\/api.w.org\/{rel}","templated":true}]}}